{"id":125,"date":"2021-09-09T15:24:06","date_gmt":"2021-09-09T15:24:06","guid":{"rendered":"http:\/\/globalepika.site\/aadl\/?page_id=125"},"modified":"2025-04-15T21:06:05","modified_gmt":"2025-04-15T21:06:05","slug":"articulos","status":"publish","type":"page","link":"https:\/\/aadl.com.ar\/","title":{"rendered":"AADL-Asociaci\u00f3n Argentina de Luminot\u00e9cnia"},"content":{"rendered":"\n<div style=\"height:13px\" aria-hidden=\"true\" class=\"wp-block-spacer\"><\/div>\n\n\n\n<hr class=\"wp-block-separator has-alpha-channel-opacity\"\/>\n\n\n\n<div class=\"wp-block-columns alignwide are-vertically-aligned-center is-layout-flex wp-container-core-columns-is-layout-9d6595d7 wp-block-columns-is-layout-flex\">\n<div class=\"wp-block-column is-vertically-aligned-center is-layout-flow wp-block-column-is-layout-flow\" style=\"flex-basis:100%\"><style>.wp-show-posts-columns#wpsp-495 {margin-left: -2em; }.wp-show-posts-columns#wpsp-495 .wp-show-posts-inner {margin: 0 0 2em 2em; }<\/style><section id=\"wpsp-495\" class=\" wp-show-posts-columns wp-show-posts\" style=\"\"><article class=\" wp-show-posts-single post-2575 post type-post status-publish format-standard has-post-thumbnail hentry category-luz-2025 wpsp-col-6\" itemtype=\"http:\/\/schema.org\/CreativeWork\" itemscope><div class=\"wp-show-posts-inner\" style=\"\">\t\t\t\t\t\t<header class=\"wp-show-posts-entry-header\">\n\t\t\t\t\t\t\t<h3 class=\"wp-show-posts-entry-title\" itemprop=\"headline\"><a href=\"https:\/\/aadl.com.ar\/index.php\/2025\/08\/11\/l-u-z-2-0-2-5-xvii-jornadas-argentinas-de-luminotecnia\/\" rel=\"bookmark\">L U Z 2 0 2 5   XVII Jornadas Argentinas de Luminotecnia &#8211; del 10 al 12 de septiembre, Mendoza<\/a><\/h3><div class=\"wp-show-posts-entry-meta wp-show-posts-entry-meta-below-title post-meta-inline\"><span class=\"wp-show-posts-posted-on wp-show-posts-meta\">\n\t\t\t\t\t<a href=\"https:\/\/aadl.com.ar\/index.php\/2025\/08\/11\/l-u-z-2-0-2-5-xvii-jornadas-argentinas-de-luminotecnia\/\" title=\"22:37\" rel=\"bookmark\"><time class=\"wp-show-posts-entry-date published\" datetime=\"2025-08-11T22:37:10+00:00\" itemprop=\"datePublished\">11 de agosto de 2025<\/time><time class=\"wp-show-posts-updated\" datetime=\"2025-08-11T23:05:55+00:00\" itemprop=\"dateModified\">11 de agosto de 2025<\/time><\/a>\n\t\t\t\t<\/span><\/div>\t\t\t\t\t\t<\/header><!-- .entry-header -->\n\t\t\t\t\t\t\t<div class=\"wp-show-posts-image  wpsp-image-left \">\n\t\t\t<a href=\"https:\/\/aadl.com.ar\/index.php\/2025\/08\/11\/l-u-z-2-0-2-5-xvii-jornadas-argentinas-de-luminotecnia\/\"  title=\"L U Z 2 0 2 5   XVII Jornadas Argentinas de Luminotecnia &#8211; del 10 al 12 de septiembre, Mendoza\"><img loading=\"lazy\" decoding=\"async\" width=\"1200\" height=\"900\" src=\"https:\/\/aadl.com.ar\/wp-content\/uploads\/2025\/08\/mendoza.jpg\" class=\"attachment-full size-full wp-post-image\" alt=\"\" itemprop=\"image\" srcset=\"https:\/\/aadl.com.ar\/wp-content\/uploads\/2025\/08\/mendoza.jpg 1200w, https:\/\/aadl.com.ar\/wp-content\/uploads\/2025\/08\/mendoza-300x225.jpg 300w, https:\/\/aadl.com.ar\/wp-content\/uploads\/2025\/08\/mendoza-1024x768.jpg 1024w, https:\/\/aadl.com.ar\/wp-content\/uploads\/2025\/08\/mendoza-768x576.jpg 768w\" sizes=\"auto, (max-width: 1200px) 100vw, 1200px\" \/><\/a>\t\t<\/div>\n\t\t\t\t\t\t\t\t<div class=\"wp-show-posts-entry-summary\" itemprop=\"text\">\n\t\t\t\t\t\t\t<p>\u201cIluminando desde el sur\u201d del 10 al 12 de septiembre, Mendoza  &#8211; L U Z 2 0 2 5 &#8211; XVII Jornadas Argentinas de Luminotecnia &#8211; \u201cIluminando desde el sur\u201d<\/p>\n\t\t\t\t\t\t<\/div><!-- .entry-summary -->\n\t\t\t\t\t<\/div><!-- wp-show-posts-inner --><\/article><article class=\" wp-show-posts-single post-2532 post type-post status-publish format-standard has-post-thumbnail hentry category-articulos category-eventos category-luz-2025 wpsp-col-6\" itemtype=\"http:\/\/schema.org\/CreativeWork\" itemscope><div class=\"wp-show-posts-inner\" style=\"\">\t\t\t\t\t\t<header class=\"wp-show-posts-entry-header\">\n\t\t\t\t\t\t\t<h3 class=\"wp-show-posts-entry-title\" itemprop=\"headline\"><a href=\"https:\/\/aadl.com.ar\/index.php\/2025\/04\/15\/luz-2025-xvii-jornadas-argentinas-de-luminotecnia\/\" rel=\"bookmark\">LUZ 2025 &#8211; XVII JORNADAS ARGENTINAS DE LUMINOT\u00c9CNIA .<\/a><\/h3><div class=\"wp-show-posts-entry-meta wp-show-posts-entry-meta-below-title post-meta-inline\"><span class=\"wp-show-posts-posted-on wp-show-posts-meta\">\n\t\t\t\t\t<a href=\"https:\/\/aadl.com.ar\/index.php\/2025\/04\/15\/luz-2025-xvii-jornadas-argentinas-de-luminotecnia\/\" title=\"16:18\" rel=\"bookmark\"><time class=\"wp-show-posts-entry-date published\" datetime=\"2025-04-15T16:18:06+00:00\" itemprop=\"datePublished\">15 de abril de 2025<\/time><time class=\"wp-show-posts-updated\" datetime=\"2025-04-15T21:09:47+00:00\" itemprop=\"dateModified\">15 de abril de 2025<\/time><\/a>\n\t\t\t\t<\/span><\/div>\t\t\t\t\t\t<\/header><!-- .entry-header -->\n\t\t\t\t\t\t\t<div class=\"wp-show-posts-image  wpsp-image-left \">\n\t\t\t<a href=\"https:\/\/aadl.com.ar\/index.php\/2025\/04\/15\/luz-2025-xvii-jornadas-argentinas-de-luminotecnia\/\"  title=\"LUZ 2025 &#8211; XVII JORNADAS ARGENTINAS DE LUMINOT\u00c9CNIA .\"><img loading=\"lazy\" decoding=\"async\" width=\"640\" height=\"427\" src=\"https:\/\/aadl.com.ar\/wp-content\/uploads\/2025\/04\/CONOCET-MENDOZAjpg.jpg\" class=\"attachment-full size-full wp-post-image\" alt=\"\" itemprop=\"image\" srcset=\"https:\/\/aadl.com.ar\/wp-content\/uploads\/2025\/04\/CONOCET-MENDOZAjpg.jpg 640w, https:\/\/aadl.com.ar\/wp-content\/uploads\/2025\/04\/CONOCET-MENDOZAjpg-300x200.jpg 300w\" sizes=\"auto, (max-width: 640px) 100vw, 640px\" \/><\/a>\t\t<\/div>\n\t\t\t\t\t\t\t\t<div class=\"wp-show-posts-entry-summary\" itemprop=\"text\">\n\t\t\t\t\t\t\t<p>LUZ 2025 &#8211; XVII JORNADAS ARGENTINAS DE LUMINOT\u00c9CNIA .<\/p>\n\t\t\t\t\t\t<\/div><!-- .entry-summary -->\n\t\t\t\t\t<\/div><!-- wp-show-posts-inner --><\/article><article class=\" wp-show-posts-single post-2030 post type-post status-publish format-standard has-post-thumbnail hentry category-articulos category-eventos category-miercoles-de-la-luz wpsp-col-6\" itemtype=\"http:\/\/schema.org\/CreativeWork\" itemscope><div class=\"wp-show-posts-inner\" style=\"\">\t\t\t\t\t\t<header class=\"wp-show-posts-entry-header\">\n\t\t\t\t\t\t\t<h3 class=\"wp-show-posts-entry-title\" itemprop=\"headline\"><a href=\"https:\/\/aadl.com.ar\/index.php\/2024\/09\/20\/miercoles-de-la-luz-25-de-septiembre\/\" rel=\"bookmark\">Mi\u00e9rcoles de la Luz 25 de septiembre<\/a><\/h3><div class=\"wp-show-posts-entry-meta wp-show-posts-entry-meta-below-title post-meta-inline\"><span class=\"wp-show-posts-posted-on wp-show-posts-meta\">\n\t\t\t\t\t<a href=\"https:\/\/aadl.com.ar\/index.php\/2024\/09\/20\/miercoles-de-la-luz-25-de-septiembre\/\" title=\"18:49\" rel=\"bookmark\"><time class=\"wp-show-posts-entry-date published\" datetime=\"2024-09-20T18:49:15+00:00\" itemprop=\"datePublished\">20 de septiembre de 2024<\/time><time class=\"wp-show-posts-updated\" datetime=\"2024-09-20T18:50:16+00:00\" itemprop=\"dateModified\">20 de septiembre de 2024<\/time><\/a>\n\t\t\t\t<\/span><\/div>\t\t\t\t\t\t<\/header><!-- .entry-header -->\n\t\t\t\t\t\t\t<div class=\"wp-show-posts-image  wpsp-image-left \">\n\t\t\t<a href=\"https:\/\/aadl.com.ar\/index.php\/2024\/09\/20\/miercoles-de-la-luz-25-de-septiembre\/\"  title=\"Mi\u00e9rcoles de la Luz 25 de septiembre\"><img loading=\"lazy\" decoding=\"async\" width=\"1200\" height=\"1200\" src=\"https:\/\/aadl.com.ar\/wp-content\/uploads\/2024\/09\/WhatsApp-Image-2024-09-20-at-08.41.23.jpeg\" class=\"attachment-full size-full wp-post-image\" alt=\"\" itemprop=\"image\" srcset=\"https:\/\/aadl.com.ar\/wp-content\/uploads\/2024\/09\/WhatsApp-Image-2024-09-20-at-08.41.23.jpeg 1200w, https:\/\/aadl.com.ar\/wp-content\/uploads\/2024\/09\/WhatsApp-Image-2024-09-20-at-08.41.23-300x300.jpeg 300w, https:\/\/aadl.com.ar\/wp-content\/uploads\/2024\/09\/WhatsApp-Image-2024-09-20-at-08.41.23-1024x1024.jpeg 1024w, https:\/\/aadl.com.ar\/wp-content\/uploads\/2024\/09\/WhatsApp-Image-2024-09-20-at-08.41.23-150x150.jpeg 150w, https:\/\/aadl.com.ar\/wp-content\/uploads\/2024\/09\/WhatsApp-Image-2024-09-20-at-08.41.23-768x768.jpeg 768w\" sizes=\"auto, (max-width: 1200px) 100vw, 1200px\" \/><\/a>\t\t<\/div>\n\t\t\t\t\t\t\t\t<div class=\"wp-show-posts-entry-summary\" itemprop=\"text\">\n\t\t\t\t\t\t\t<p>Reglamentaciones que impactan en los proyectos de Iluminaci\u00f3n Fecha: 25 de Septiembre 19:00 hs Disertante: Esp. Ing. Carolina Valencia DonatFormulario&#8230;<\/p>\n\t\t\t\t\t\t<\/div><!-- .entry-summary -->\n\t\t\t\t\t<\/div><!-- wp-show-posts-inner --><\/article><article class=\" wp-show-posts-single post-1995 post type-post status-publish format-standard has-post-thumbnail hentry category-eventos category-miercoles-de-la-luz tag-iluminacion-de-emergencia wpsp-col-6\" itemtype=\"http:\/\/schema.org\/CreativeWork\" itemscope><div class=\"wp-show-posts-inner\" style=\"\">\t\t\t\t\t\t<header class=\"wp-show-posts-entry-header\">\n\t\t\t\t\t\t\t<h3 class=\"wp-show-posts-entry-title\" itemprop=\"headline\"><a href=\"https:\/\/aadl.com.ar\/index.php\/2024\/09\/05\/miercoles-de-la-luz-11-de-septiembre\/\" rel=\"bookmark\">Mi\u00e9rcoles de la Luz 11 de septiembre<\/a><\/h3><div class=\"wp-show-posts-entry-meta wp-show-posts-entry-meta-below-title post-meta-inline\"><span class=\"wp-show-posts-posted-on wp-show-posts-meta\">\n\t\t\t\t\t<a href=\"https:\/\/aadl.com.ar\/index.php\/2024\/09\/05\/miercoles-de-la-luz-11-de-septiembre\/\" title=\"21:24\" rel=\"bookmark\"><time class=\"wp-show-posts-entry-date published\" datetime=\"2024-09-05T21:24:59+00:00\" itemprop=\"datePublished\">5 de septiembre de 2024<\/time><time class=\"wp-show-posts-updated\" datetime=\"2024-09-05T21:25:00+00:00\" itemprop=\"dateModified\">5 de septiembre de 2024<\/time><\/a>\n\t\t\t\t<\/span><\/div>\t\t\t\t\t\t<\/header><!-- .entry-header -->\n\t\t\t\t\t\t\t<div class=\"wp-show-posts-image  wpsp-image-left \">\n\t\t\t<a href=\"https:\/\/aadl.com.ar\/index.php\/2024\/09\/05\/miercoles-de-la-luz-11-de-septiembre\/\"  title=\"Mi\u00e9rcoles de la Luz 11 de septiembre\"><img loading=\"lazy\" decoding=\"async\" width=\"1200\" height=\"1200\" src=\"https:\/\/aadl.com.ar\/wp-content\/uploads\/2024\/09\/WhatsApp-Image-2024-09-05-at-14.06.36.jpeg\" class=\"attachment-full size-full wp-post-image\" alt=\"\" itemprop=\"image\" srcset=\"https:\/\/aadl.com.ar\/wp-content\/uploads\/2024\/09\/WhatsApp-Image-2024-09-05-at-14.06.36.jpeg 1200w, https:\/\/aadl.com.ar\/wp-content\/uploads\/2024\/09\/WhatsApp-Image-2024-09-05-at-14.06.36-300x300.jpeg 300w, https:\/\/aadl.com.ar\/wp-content\/uploads\/2024\/09\/WhatsApp-Image-2024-09-05-at-14.06.36-1024x1024.jpeg 1024w, https:\/\/aadl.com.ar\/wp-content\/uploads\/2024\/09\/WhatsApp-Image-2024-09-05-at-14.06.36-150x150.jpeg 150w, https:\/\/aadl.com.ar\/wp-content\/uploads\/2024\/09\/WhatsApp-Image-2024-09-05-at-14.06.36-768x768.jpeg 768w\" sizes=\"auto, (max-width: 1200px) 100vw, 1200px\" \/><\/a>\t\t<\/div>\n\t\t\t\t\t\t\t\t<div class=\"wp-show-posts-entry-summary\" itemprop=\"text\">\n\t\t\t\t\t\t\t<p>debe ser posible que las personas abandonen los edificios de forma segura y que se puedan desplegar los equipos de salvamento.<\/p>\n\t\t\t\t\t\t<\/div><!-- .entry-summary -->\n\t\t\t\t\t<\/div><!-- wp-show-posts-inner --><\/article><article class=\" wp-show-posts-single post-1971 post type-post status-publish format-standard has-post-thumbnail hentry category-sin-categoria wpsp-col-6\" itemtype=\"http:\/\/schema.org\/CreativeWork\" itemscope><div class=\"wp-show-posts-inner\" style=\"\">\t\t\t\t\t\t<header class=\"wp-show-posts-entry-header\">\n\t\t\t\t\t\t\t<h3 class=\"wp-show-posts-entry-title\" itemprop=\"headline\"><a href=\"https:\/\/aadl.com.ar\/index.php\/2024\/08\/26\/miercoles-de-la-luz\/\" rel=\"bookmark\">Mi\u00e9rcoles de la Luz 28 de agosto 2024<\/a><\/h3><div class=\"wp-show-posts-entry-meta wp-show-posts-entry-meta-below-title post-meta-inline\"><span class=\"wp-show-posts-posted-on wp-show-posts-meta\">\n\t\t\t\t\t<a href=\"https:\/\/aadl.com.ar\/index.php\/2024\/08\/26\/miercoles-de-la-luz\/\" title=\"16:44\" rel=\"bookmark\"><time class=\"wp-show-posts-entry-date published\" datetime=\"2024-08-26T16:44:31+00:00\" itemprop=\"datePublished\">26 de agosto de 2024<\/time><time class=\"wp-show-posts-updated\" datetime=\"2024-09-05T21:26:44+00:00\" itemprop=\"dateModified\">5 de septiembre de 2024<\/time><\/a>\n\t\t\t\t<\/span><\/div>\t\t\t\t\t\t<\/header><!-- .entry-header -->\n\t\t\t\t\t\t\t<div class=\"wp-show-posts-image  wpsp-image-left \">\n\t\t\t<a href=\"https:\/\/aadl.com.ar\/index.php\/2024\/08\/26\/miercoles-de-la-luz\/\"  title=\"Mi\u00e9rcoles de la Luz 28 de agosto 2024\"><img loading=\"lazy\" decoding=\"async\" width=\"1200\" height=\"1200\" src=\"https:\/\/aadl.com.ar\/wp-content\/uploads\/2024\/08\/WhatsApp-Image-2024-08-26-at-11.18.48.jpeg\" class=\"attachment-full size-full wp-post-image\" alt=\"\" itemprop=\"image\" srcset=\"https:\/\/aadl.com.ar\/wp-content\/uploads\/2024\/08\/WhatsApp-Image-2024-08-26-at-11.18.48.jpeg 1200w, https:\/\/aadl.com.ar\/wp-content\/uploads\/2024\/08\/WhatsApp-Image-2024-08-26-at-11.18.48-300x300.jpeg 300w, https:\/\/aadl.com.ar\/wp-content\/uploads\/2024\/08\/WhatsApp-Image-2024-08-26-at-11.18.48-1024x1024.jpeg 1024w, https:\/\/aadl.com.ar\/wp-content\/uploads\/2024\/08\/WhatsApp-Image-2024-08-26-at-11.18.48-150x150.jpeg 150w, https:\/\/aadl.com.ar\/wp-content\/uploads\/2024\/08\/WhatsApp-Image-2024-08-26-at-11.18.48-768x768.jpeg 768w\" sizes=\"auto, (max-width: 1200px) 100vw, 1200px\" \/><\/a>\t\t<\/div>\n\t\t\t\t\t\t\t\t<div class=\"wp-show-posts-entry-summary\" itemprop=\"text\">\n\t\t\t\t\t\t\t<p>Introducci\u00f3n al Sistemas de control de Iluminaci\u00f3n \u00bfC\u00faando?: Mi\u00e9rcoles 28 de Agosto 19 hs Modalidad: Virtual (tras la inscripci\u00f3n recibir\u00e1&#8230;<\/p>\n\t\t\t\t\t\t<\/div><!-- .entry-summary -->\n\t\t\t\t\t<\/div><!-- wp-show-posts-inner --><\/article><article class=\" wp-show-posts-single post-1608 post type-post status-publish format-standard hentry category-sin-categoria wpsp-col-6\" itemtype=\"http:\/\/schema.org\/CreativeWork\" itemscope><div class=\"wp-show-posts-inner\" style=\"\">\t\t\t\t\t\t<header class=\"wp-show-posts-entry-header\">\n\t\t\t\t\t\t\t<h3 class=\"wp-show-posts-entry-title\" itemprop=\"headline\"><a href=\"https:\/\/aadl.com.ar\/index.php\/2024\/05\/10\/celebra-el-dia-internacional-de-la-luz-con-aadl\/\" rel=\"bookmark\">\u00a1Celebra el D\u00eda Internacional de la Luz con AADL!<\/a><\/h3><div class=\"wp-show-posts-entry-meta wp-show-posts-entry-meta-below-title post-meta-inline\"><span class=\"wp-show-posts-posted-on wp-show-posts-meta\">\n\t\t\t\t\t<a href=\"https:\/\/aadl.com.ar\/index.php\/2024\/05\/10\/celebra-el-dia-internacional-de-la-luz-con-aadl\/\" title=\"15:47\" rel=\"bookmark\"><time class=\"wp-show-posts-entry-date published\" datetime=\"2024-05-10T15:47:38+00:00\" itemprop=\"datePublished\">10 de mayo de 2024<\/time><time class=\"wp-show-posts-updated\" datetime=\"2024-05-10T20:28:23+00:00\" itemprop=\"dateModified\">10 de mayo de 2024<\/time><\/a>\n\t\t\t\t<\/span><\/div>\t\t\t\t\t\t<\/header><!-- .entry-header -->\n\t\t\t\t\t\t\t\t\t\t\t<div class=\"wp-show-posts-entry-summary\" itemprop=\"text\">\n\t\t\t\t\t\t\t<p>\u00a1Te invitamos a una jornada imperdible! En el marco del D\u00eda Internacional de la Luz, la Asociaci\u00f3n Argentina de Luminotecnia&#8230;<\/p>\n\t\t\t\t\t\t<\/div><!-- .entry-summary -->\n\t\t\t\t\t<\/div><!-- wp-show-posts-inner --><\/article><article class=\" wp-show-posts-single post-1110 post type-post status-publish format-standard has-post-thumbnail hentry category-articulos category-eventos category-novedades wpsp-col-6\" itemtype=\"http:\/\/schema.org\/CreativeWork\" itemscope><div class=\"wp-show-posts-inner\" style=\"\">\t\t\t\t\t\t<header class=\"wp-show-posts-entry-header\">\n\t\t\t\t\t\t\t<h3 class=\"wp-show-posts-entry-title\" itemprop=\"headline\"><a href=\"https:\/\/aadl.com.ar\/index.php\/2023\/09\/20\/luz-y-energia-al-servicio-de-la-humanidad\/\" rel=\"bookmark\">LUZ 2023, LUZ Y ENERG\u00cdA AL SERVICIO DE LA HUMANIDAD<\/a><\/h3><div class=\"wp-show-posts-entry-meta wp-show-posts-entry-meta-below-title post-meta-inline\"><span class=\"wp-show-posts-posted-on wp-show-posts-meta\">\n\t\t\t\t\t<a href=\"https:\/\/aadl.com.ar\/index.php\/2023\/09\/20\/luz-y-energia-al-servicio-de-la-humanidad\/\" title=\"18:44\" rel=\"bookmark\"><time class=\"wp-show-posts-entry-date published\" datetime=\"2023-09-20T18:44:34+00:00\" itemprop=\"datePublished\">20 de septiembre de 2023<\/time><time class=\"wp-show-posts-updated\" datetime=\"2023-10-28T13:03:42+00:00\" itemprop=\"dateModified\">28 de octubre de 2023<\/time><\/a>\n\t\t\t\t<\/span><\/div>\t\t\t\t\t\t<\/header><!-- .entry-header -->\n\t\t\t\t\t\t\t<div class=\"wp-show-posts-image  wpsp-image-left \">\n\t\t\t<a href=\"https:\/\/aadl.com.ar\/index.php\/2023\/09\/20\/luz-y-energia-al-servicio-de-la-humanidad\/\"  title=\"LUZ 2023, LUZ Y ENERG\u00cdA AL SERVICIO DE LA HUMANIDAD\"><img loading=\"lazy\" decoding=\"async\" width=\"496\" height=\"255\" src=\"https:\/\/aadl.com.ar\/wp-content\/uploads\/2023\/09\/aadl-jornadas-santiago-del-estero.png\" class=\"attachment-full size-full wp-post-image\" alt=\"\" itemprop=\"image\" srcset=\"https:\/\/aadl.com.ar\/wp-content\/uploads\/2023\/09\/aadl-jornadas-santiago-del-estero.png 496w, https:\/\/aadl.com.ar\/wp-content\/uploads\/2023\/09\/aadl-jornadas-santiago-del-estero-300x154.png 300w\" sizes=\"auto, (max-width: 496px) 100vw, 496px\" \/><\/a>\t\t<\/div>\n\t\t\t\t\t\t\t\t<div class=\"wp-show-posts-entry-summary\" itemprop=\"text\">\n\t\t\t\t\t\t\t<p>Bajo el lema \u201cLuz y energ\u00eda al servicio de la humanidad\u201d, durante los d\u00edas 6, 7 y 8 de septiembre de 2023, investigadores, dise\u00f1adores, profesionales y p\u00fablico en general, amantes de la luminotecnia, participamos en modalidad dual, presencial-virtual, de las XVI Jornadas Argentinas de Luminotecnia. &#8230;<\/p>\n\t\t\t\t\t\t<\/div><!-- .entry-summary -->\n\t\t\t\t\t<\/div><!-- wp-show-posts-inner --><\/article><div class=\"wpsp-clear\"><\/div><\/section><!-- .wp-show-posts -->\n<\/div>\n<\/div>\n\n\n\n<div class=\"wp-block-columns alignwide are-vertically-aligned-center is-layout-flex wp-container-core-columns-is-layout-9d6595d7 wp-block-columns-is-layout-flex\">\n<div class=\"wp-block-column is-vertically-aligned-center is-layout-flow wp-block-column-is-layout-flow\" style=\"flex-basis:100%\"><\/div>\n<\/div>\n","protected":false},"excerpt":{"rendered":"<p>AADL-Asociaci\u00f3n Argentina de Luminot\u00e9cnia<\/p>\n","protected":false},"author":1,"featured_media":0,"parent":0,"menu_order":8,"comment_status":"closed","ping_status":"closed","template":"","meta":{"footnotes":""},"class_list":["post-125","page","type-page","status-publish","hentry"],"aioseo_notices":[],"jetpack_sharing_enabled":true,"_links":{"self":[{"href":"https:\/\/aadl.com.ar\/index.php\/wp-json\/wp\/v2\/pages\/125","targetHints":{"allow":["GET"]}}],"collection":[{"href":"https:\/\/aadl.com.ar\/index.php\/wp-json\/wp\/v2\/pages"}],"about":[{"href":"https:\/\/aadl.com.ar\/index.php\/wp-json\/wp\/v2\/types\/page"}],"author":[{"embeddable":true,"href":"https:\/\/aadl.com.ar\/index.php\/wp-json\/wp\/v2\/users\/1"}],"replies":[{"embeddable":true,"href":"https:\/\/aadl.com.ar\/index.php\/wp-json\/wp\/v2\/comments?post=125"}],"version-history":[{"count":89,"href":"https:\/\/aadl.com.ar\/index.php\/wp-json\/wp\/v2\/pages\/125\/revisions"}],"predecessor-version":[{"id":2544,"href":"https:\/\/aadl.com.ar\/index.php\/wp-json\/wp\/v2\/pages\/125\/revisions\/2544"}],"wp:attachment":[{"href":"https:\/\/aadl.com.ar\/index.php\/wp-json\/wp\/v2\/media?parent=125"}],"curies":[{"name":"wp","href":"https:\/\/api.w.org\/{rel}","templated":true}]}}